{"id":44,"date":"2009-05-22T12:04:48","date_gmt":"2009-05-22T10:04:48","guid":{"rendered":"http:\/\/www.ofze.hu\/w\/?page_id=44"},"modified":"2024-10-23T17:04:57","modified_gmt":"2024-10-23T15:04:57","slug":"itt-zeneltunk","status":"publish","type":"page","link":"https:\/\/www.ofze.hu\/w\/tortenetunk\/itt-zeneltunk\/","title":{"rendered":"Itt zen\u00e9lt\u00fcnk"},"content":{"rendered":"<h2><\/h2><p><font color=\"#d8a627\" face-name=\"sans-serif\" size=\"3\"><b>54. Templomi hangverseny<\/b><\/font><br \/><font color=\"#ffffff\" face-name=\"sans-serif\" size=\"3\">2026. \u00e1prilis 23. 18:00,  Orosh\u00e1za, evang\u00e9likus templom<\/font><\/p><p><font color=\"#d8a627\" face-name=\"sans-serif\" size=\"3\"><b>Koszor\u00faz\u00e1s, t\u00e9rzene<\/b><\/font><br \/><font color=\"#ffffff\" face-name=\"sans-serif\" size=\"3\">2025. m\u00e1rcius 15. 10:00,  Orosh\u00e1za, Kossuth-szobor<\/font><\/p><p><font color=\"#d8a627\" face-name=\"sans-serif\" size=\"3\"><b>24. Batyus b\u00e1l<\/b><\/font><br \/><font color=\"#ffffff\" face-name=\"sans-serif\" size=\"3\">2026. janu\u00e1r 24. 19:00,  Orosh\u00e1za, Sz\u00e9k\u00e1cs evang\u00e9likus iskola<\/font><\/p><p><font color=\"#d8a627\" face-name=\"sans-serif\" size=\"3\"><b>35. Szilveszteri hangverseny<\/b><\/font><br \/><font color=\"#ffffff\" face-name=\"sans-serif\" size=\"3\">2025. december 30. 18:00,  Orosh\u00e1za, E\u00f6tv\u00f6s t\u00e9ri sportcsarnok<\/font><\/p><p><font color=\"#d8a627\" face-name=\"sans-serif\" size=\"3\"><b>Koszor\u00faz\u00e1s, t\u00e9rzene<\/b><\/font><br \/><font color=\"#ffffff\" face-name=\"sans-serif\" size=\"3\">2025. okt\u00f3ber 23. 10:00,  Orosh\u00e1za, T\u00f6rt\u00e9nelmi eml\u00e9kpark<\/font><\/p><p><font color=\"#d8a627\" face-name=\"sans-serif\" size=\"3\"><b>Ny\u00e1rz\u00e1r\u00f3 f\u00fav\u00f3s t\u00e9rzene<\/b><\/font><br \/><font color=\"#ffffff\" face-name=\"sans-serif\" size=\"3\">2025. szeptember 05. 18:00,  Orosh\u00e1za, zenepavilon, Sz\u00e9chenyi t\u00e9r<\/font><\/p><p><font color=\"#d8a627\" face-name=\"sans-serif\" size=\"3\"><b>Koszor\u00faz\u00e1s, t\u00e9rzene<\/b><\/font><br \/><font color=\"#ffffff\" face-name=\"sans-serif\" size=\"3\">2025. augusztus 20. 10:00,  Orosh\u00e1za, Szent Istv\u00e1n-szobor<\/font><\/p><p><font color=\"#d8a627\" face-name=\"sans-serif\" size=\"3\"><b>F\u00fav\u00f3szene a borteraszon<\/b><\/font><br \/><font color=\"#ffffff\" face-name=\"sans-serif\" size=\"3\">2025. j\u00falius 03. 12:00,  Fels\u0151\u00f6rs, Vass Pinc\u00e9szet<\/font><\/p><p><font color=\"#d8a627\" face-name=\"sans-serif\" size=\"3\"><b>V\u00edzizene, t\u00e9rzene<\/b><\/font><br \/><font color=\"#ffffff\" face-name=\"sans-serif\" size=\"3\">2025. j\u00falius 05. 11:00,  Balatongy\u00f6r\u00f6k, strand (Balaton)<\/font><\/p><p><font color=\"#d8a627\" face-name=\"sans-serif\" size=\"3\"><b>V\u00edzizene, t\u00e9rzene<\/b><\/font><br \/><font color=\"#ffffff\" face-name=\"sans-serif\" size=\"3\">2025. j\u00falius 04. 13:30,  Szigliget, strand (Balaton)<\/font><\/p><p><font color=\"#d8a627\" face-name=\"sans-serif\" size=\"3\"><b>XXIV. Paprikafesztiv\u00e1l<\/b><\/font><br \/><font color=\"#ffffff\" face-name=\"sans-serif\" size=\"3\">2025. j\u00falius 12. 08:30,  Nagyb\u00e1nhegyes, Term\u00e1l f\u00fcrd\u0151 el\u0151tti rendezv\u00e9nyt\u00e9r<\/font><\/p><p><font color=\"#d8a627\" face-name=\"sans-serif\" size=\"3\"><b>53. Templomi hangverseny<\/b><\/font><br \/><font color=\"#ffffff\" face-name=\"sans-serif\" size=\"3\">2025. \u00e1prilis 23. 18:00,  Orosh\u00e1za, evang\u00e9likus templom<\/font><\/p><p><font color=\"#d8a627\" face-name=\"sans-serif\" size=\"3\"><b>Evang\u00e9likus iskolatal\u00e1lkoz\u00f3<\/b><\/font><br \/><font color=\"#ffffff\" face-name=\"sans-serif\" size=\"3\">2025. j\u00falius 02. 18:45,  Orosh\u00e1za, evang\u00e9likus iskola<\/font><\/p><p><font color=\"#d8a627\" face-name=\"sans-serif\" size=\"3\"><b>Ny\u00e1resti F\u00fav\u00f3s T\u00e9rzene<\/b><\/font><br \/><font color=\"#ffffff\" face-name=\"sans-serif\" size=\"3\">2025. j\u00fanius 27. 18:30,  Orosh\u00e1za, zenepavilon, Sz\u00e9chenyi t\u00e9r<\/font><\/p><p><font color=\"#d8a627\" face-name=\"sans-serif\" size=\"3\"><b>Koszor\u00faz\u00e1s, t\u00e9rzene<\/b><\/font><br \/><font color=\"#ffffff\" face-name=\"sans-serif\" size=\"3\">2026. m\u00e1rcius 15. 10:00,  Orosh\u00e1za, Kossuth-szobor<\/font><\/p><p><font color=\"#d8a627\" face-name=\"sans-serif\" size=\"3\"><b>23. Batyus b\u00e1l<\/b><\/font><br \/><font color=\"#ffffff\" face-name=\"sans-serif\" size=\"3\">2025. janu\u00e1r 25. 19:00,  Orosh\u00e1za, Sz\u00e9k\u00e1cs evang\u00e9likus iskola<\/font><\/p><p><font color=\"#d8a627\" face-name=\"sans-serif\" size=\"3\"><b>Koszor\u00faz\u00e1s, t\u00e9rzene<\/b><\/font><br \/><font color=\"#ffffff\" face-name=\"sans-serif\" size=\"3\">2024. okt\u00f3ber 23. 10:00,  Orosh\u00e1za, T\u00f6rt\u00e9nelmi eml\u00e9kpark<\/font><\/p><p><font color=\"#d8a627\" face-name=\"sans-serif\" size=\"3\"><b>World Go Day - a m\u00e9hnyakr\u00e1k ellen<\/b><\/font><br \/><font color=\"#ffffff\" face-name=\"sans-serif\" size=\"3\">2024. szeptember 21. 14:00,  Orosh\u00e1za, zenepavilon, Sz\u00e9chenyi t\u00e9r<\/font><\/p><p><font color=\"#d8a627\" face-name=\"sans-serif\" size=\"3\"><b>Sz\u00fcreti mulats\u00e1g<\/b><\/font><br \/><font color=\"#ffffff\" face-name=\"sans-serif\" size=\"3\">2024. szeptember 14. 14:00,  Zomba<\/font><\/p><p><font color=\"#d8a627\" face-name=\"sans-serif\" size=\"3\"><b>Ny\u00e1rz\u00e1r\u00f3 t\u00e9rzene<\/b><\/font><br \/><font color=\"#ffffff\" face-name=\"sans-serif\" size=\"3\">2024. augusztus 30. 18:00,  Orosh\u00e1za, zenepavilon, Sz\u00e9chenyi t\u00e9r<\/font><\/p><p><font color=\"#d8a627\" face-name=\"sans-serif\" size=\"3\"><b>F\u00fav\u00f3s turn\u00e9<\/b><\/font><br \/><font color=\"#ffffff\" face-name=\"sans-serif\" size=\"3\">2024. j\u00falius 03. 20:00,  Montenegr\u00f3<\/font><\/p><p><font color=\"#d8a627\" face-name=\"sans-serif\" size=\"3\"><b>Foci EB - focifalu - SCO - HUN<\/b><\/font><br \/><font color=\"#ffffff\" face-name=\"sans-serif\" size=\"3\">2024. j\u00fanius 23. 19:40,  Orosh\u00e1za, f\u0151t\u00e9r<\/font><\/p><p><font color=\"#d8a627\" face-name=\"sans-serif\" size=\"3\"><b>Foci EB - focifalu - GER- HUN<\/b><\/font><br \/><font color=\"#ffffff\" face-name=\"sans-serif\" size=\"3\">2024. j\u00fanius 19. 17:40,  Orosh\u00e1za, f\u0151t\u00e9r<\/font><\/p><p><font color=\"#d8a627\" face-name=\"sans-serif\" size=\"3\"><b>Foci EB - focifalu - HUN-SUI<\/b><\/font><br \/><font color=\"#ffffff\" face-name=\"sans-serif\" size=\"3\">2024. j\u00fanius 15. 14:40,  Orosh\u00e1za, f\u0151t\u00e9r<\/font><\/p><p><font color=\"#d8a627\" face-name=\"sans-serif\" size=\"3\"><b>Harley Davidson Tal\u00e1lkoz\u00f3<\/b><\/font><br \/><font color=\"#ffffff\" face-name=\"sans-serif\" size=\"3\">2024. m\u00e1jus 25. 12:00,  Orosh\u00e1za, Gyop\u00e1rosf\u00fcrd\u0151<\/font><\/p><p><font color=\"#d8a627\" face-name=\"sans-serif\" size=\"3\"><b>X. Nemzetk\u00f6zi F\u00fav\u00f3szenekari Fesztiv\u00e1l<\/b><\/font><br \/><font color=\"#ffffff\" face-name=\"sans-serif\" size=\"3\">2024. augusztus 19. 14:00,  T\u00f3tkoml\u00f3s<\/font><\/p><p><font color=\"#d8a627\" face-name=\"sans-serif\" size=\"3\"><b>Orosh\u00e1zi \u00c9rt\u00e9k-T\u00e9r-K\u00e9p<\/b><\/font><br \/><font color=\"#ffffff\" face-name=\"sans-serif\" size=\"3\">2024. \u00e1prilis 20. 16:00,  Orosh\u00e1za, \u00c1rp\u00e1d-kert<\/font><\/p><p><font color=\"#d8a627\" face-name=\"sans-serif\" size=\"3\"><b>34. Szilveszteri hangverseny<\/b><\/font><br \/><font color=\"#ffffff\" face-name=\"sans-serif\" size=\"3\">2024. december 27. 18:00,  Orosh\u00e1za, E\u00f6tv\u00f6s t\u00e9ri sportcsarnok<\/font><\/p><p><font color=\"#d8a627\" face-name=\"sans-serif\" size=\"3\"><b>V\u00f6r\u00f6smarty iskola nap<\/b><\/font><br \/><font color=\"#ffffff\" face-name=\"sans-serif\" size=\"3\">2023. szeptember 30. 15:00,  Orosh\u00e1za, V\u00f6r\u00f6smarty \u00c1ltal\u00e1nos Iskola<\/font><\/p><p><font color=\"#d8a627\" face-name=\"sans-serif\" size=\"3\"><b>Koszor\u00faz\u00e1s, t\u00e9rzene<\/b><\/font><br \/><font color=\"#ffffff\" face-name=\"sans-serif\" size=\"3\">2024. m\u00e1rcius 15. 10:00,  Orosh\u00e1za, Kossuth-szobor<\/font><\/p><p><font color=\"#d8a627\" face-name=\"sans-serif\" size=\"3\"><b>22. Batyus b\u00e1l<\/b><\/font><br \/><font color=\"#ffffff\" face-name=\"sans-serif\" size=\"3\">2024. janu\u00e1r 12. 19:00,  Orosh\u00e1za, Sz\u00e9k\u00e1cs evang\u00e9likus iskola<\/font><\/p><p><font color=\"#d8a627\" face-name=\"sans-serif\" size=\"3\"><b>Koszor\u00faz\u00e1s, t\u00e9rzene<\/b><\/font><br \/><font color=\"#ffffff\" face-name=\"sans-serif\" size=\"3\">2023. augusztus 20. 09:00,  Orosh\u00e1za, Szent Istv\u00e1n-szobor<\/font><\/p><p><font color=\"#d8a627\" face-name=\"sans-serif\" size=\"3\"><b>\u00dcveggy\u00e1ri csal\u00e1di nap<\/b><\/font><br \/><font color=\"#ffffff\" face-name=\"sans-serif\" size=\"3\">2023. szeptember 09. 10:00,  Orosh\u00e1za, Gyop\u00e1rosf\u00fcrd\u0151<\/font><\/p><p><font color=\"#d8a627\" face-name=\"sans-serif\" size=\"3\"><b>F\u00fav\u00f3szenekari Fesztiv\u00e1l<\/b><\/font><br \/><font color=\"#ffffff\" face-name=\"sans-serif\" size=\"3\">2023. augusztus 26. 14:00,  Kisk\u0151r\u00f6s<\/font><\/p><p><font color=\"#d8a627\" face-name=\"sans-serif\" size=\"3\"><b>F\u00fav\u00f3szene a strandon<\/b><\/font><br \/><font color=\"#ffffff\" face-name=\"sans-serif\" size=\"3\">2023. augusztus 19. 18:15,  Orosh\u00e1za, Gyop\u00e1rosf\u00fcrd\u0151<\/font><\/p><p><font color=\"#d8a627\" face-name=\"sans-serif\" size=\"3\"><b>52. Templomi hangverseny<\/b><\/font><br \/><font color=\"#ffffff\" face-name=\"sans-serif\" size=\"3\">2024. \u00e1prilis 23. 18:00,  Orosh\u00e1za, evang\u00e9likus templom<\/font><\/p><p><font color=\"#d8a627\" face-name=\"sans-serif\" size=\"3\"><b>F\u00fav\u00f3s t\u00e9rzene<\/b><\/font><br \/><font color=\"#ffffff\" face-name=\"sans-serif\" size=\"3\">2023. j\u00falius 01. 11:00,  Keszthely, zenepavilon - kik\u00f6t\u0151<\/font><\/p><p><font color=\"#d8a627\" face-name=\"sans-serif\" size=\"3\"><b>F\u00fav\u00f3s v\u00edzizene<\/b><\/font><br \/><font color=\"#ffffff\" face-name=\"sans-serif\" size=\"3\">2023. j\u00fanius 30. 15:00,  Szigliget. strand<\/font><\/p><p><font color=\"#d8a627\" face-name=\"sans-serif\" size=\"3\"><b>33. Szilveszteri hangverseny<\/b><\/font><br \/><font color=\"#ffffff\" face-name=\"sans-serif\" size=\"3\">2023. december 29. 18:00,  Orosh\u00e1za, E\u00f6tv\u00f6s t\u00e9ri sportcsarnok<\/font><\/p><p><font color=\"#d8a627\" face-name=\"sans-serif\" size=\"3\"><b>Zenekari esk\u00fcv\u0151<\/b><\/font><br \/><font color=\"#ffffff\" face-name=\"sans-serif\" size=\"3\">2023. szeptember 23. 15:30,  Orosh\u00e1za, h\u00e1zass\u00e1gk\u00f6t\u0151 terem<\/font><\/p><p><font color=\"#d8a627\" face-name=\"sans-serif\" size=\"3\"><b>T\u00e9rZene Program<\/b><\/font><br \/><font color=\"#ffffff\" face-name=\"sans-serif\" size=\"3\">2023. j\u00fanius 23. 18:00,  Orosh\u00e1za, zenepavilon, Sz\u00e9chenyi t\u00e9r<\/font><\/p><p><font color=\"#d8a627\" face-name=\"sans-serif\" size=\"3\"><b>Zenekari esk\u00fcv\u0151<\/b><\/font><br \/><font color=\"#ffffff\" face-name=\"sans-serif\" size=\"3\">2023. j\u00fanius 23. 16:00,  Orosh\u00e1za, h\u00e1zass\u00e1gk\u00f6t\u0151 terem<\/font><\/p><p><font color=\"#d8a627\" face-name=\"sans-serif\" size=\"3\"><b>R\u00e9tesbolt 40. sz\u00fclet\u00e9snap<\/b><\/font><br \/><font color=\"#ffffff\" face-name=\"sans-serif\" size=\"3\">2023. j\u00fanius 10. 15:00,  Orosh\u00e1za, D\u00f3zsa Gy\u00f6rgy utca 15.<\/font><\/p><p><font color=\"#d8a627\" face-name=\"sans-serif\" size=\"3\"><b>Balatoni turn\u00e9<\/b><\/font><br \/><font color=\"#ffffff\" face-name=\"sans-serif\" size=\"3\">2023. j\u00fanius 29. 08:00,  P\u00e1lk\u00f6ve, Szigliget, Keszthely<\/font><\/p><p><font color=\"#d8a627\" face-name=\"sans-serif\" size=\"3\"><b>Zen\u00e9s \u00e9breszt\u0151<\/b><\/font><br \/><font color=\"#ffffff\" face-name=\"sans-serif\" size=\"3\">2023. m\u00e1jus 01. 09:00,  Orosh\u00e1za<\/font><\/p><p><font color=\"#d8a627\" face-name=\"sans-serif\" size=\"3\"><b>51. Templomi hangverseny<\/b><\/font><br \/><font color=\"#ffffff\" face-name=\"sans-serif\" size=\"3\">2023. \u00e1prilis 23. 18:00,  Orosh\u00e1za, evang\u00e9likus templom<\/font><\/p><p><font color=\"#d8a627\" face-name=\"sans-serif\" size=\"3\"><b>Koszor\u00faz\u00e1s, t\u00e9rzene<\/b><\/font><br \/><font color=\"#ffffff\" face-name=\"sans-serif\" size=\"3\">2023. m\u00e1rcius 15. 10:00,  Orosh\u00e1za, Kossuth-szobor<\/font><\/p><p><font color=\"#d8a627\" face-name=\"sans-serif\" size=\"3\"><b>21. Batyus b\u00e1l<\/b><\/font><br \/><font color=\"#ffffff\" face-name=\"sans-serif\" size=\"3\">2023. janu\u00e1r 21. 18:00,  Orosh\u00e1za, Sz\u00e9k\u00e1cs evang\u00e9likus iskola<\/font><\/p><p><font color=\"#d8a627\" face-name=\"sans-serif\" size=\"3\"><b>Guardian csal\u00e1di nap<\/b><\/font><br \/><font color=\"#ffffff\" face-name=\"sans-serif\" size=\"3\">2022. szeptember 03. 14:00,  Orosh\u00e1za, Gyop\u00e1rosf\u00fcrd\u0151<\/font><\/p><p><font color=\"#d8a627\" face-name=\"sans-serif\" size=\"3\"><b>F\u00fav\u00f3sok a zenepavilonban<\/b><\/font><br \/><font color=\"#ffffff\" face-name=\"sans-serif\" size=\"3\">2022. augusztus 26. 19:00,  Orosh\u00e1za, Sz\u00e9ch\u00e9nyi t\u00e9r zenepavilon<\/font><\/p><p><font color=\"#d8a627\" face-name=\"sans-serif\" size=\"3\"><b>32. Szilveszteri hangverseny<\/b><\/font><br \/><font color=\"#ffffff\" face-name=\"sans-serif\" size=\"3\">2022. december 29. 18:00,  Orosh\u00e1za, E\u00f6tv\u00f6s t\u00e9ri sportcsarnok<\/font><\/p><p><font color=\"#d8a627\" face-name=\"sans-serif\" size=\"3\"><b>F\u00fav\u00f3sok a strandon<\/b><\/font><br \/><font color=\"#ffffff\" face-name=\"sans-serif\" size=\"3\">2022. augusztus 21. 16:00,  Orosh\u00e1za, Gyop\u00e1rosf\u00fcrd\u0151<\/font><\/p><p><font color=\"#d8a627\" face-name=\"sans-serif\" size=\"3\"><b>Koszor\u00faz\u00e1s, t\u00e9rzene<\/b><\/font><br \/><font color=\"#ffffff\" face-name=\"sans-serif\" size=\"3\">2022. augusztus 20. 09:30,  Orosh\u00e1za, Szent Istv\u00e1n-szobor<\/font><\/p><p><font color=\"#d8a627\" face-name=\"sans-serif\" size=\"3\"><b>IV. Dunakeszi F\u00fav\u00f3szenekari Fesztiv\u00e1l<\/b><\/font><br \/><font color=\"#ffffff\" face-name=\"sans-serif\" size=\"3\">2022. augusztus 27. 11:00,  Dunakeszi strand<\/font><\/p><p><font color=\"#d8a627\" face-name=\"sans-serif\" size=\"3\"><b>V\u00edzizene, t\u00e9rzene<\/b><\/font><br \/><font color=\"#ffffff\" face-name=\"sans-serif\" size=\"3\">2022. j\u00falius 02. 11:00,  Balatongy\u00f6r\u00f6k, strand<\/font><\/p><p><font color=\"#d8a627\" face-name=\"sans-serif\" size=\"3\"><b>V\u00edzizene, t\u00e9rzene<\/b><\/font><br \/><font color=\"#ffffff\" face-name=\"sans-serif\" size=\"3\">2022. j\u00falius 01. 11:00,  Szigliget, strand (Balaton)<\/font><\/p><p><font color=\"#d8a627\" face-name=\"sans-serif\" size=\"3\"><b>Balatoni turn\u00e9<\/b><\/font><br \/><font color=\"#ffffff\" face-name=\"sans-serif\" size=\"3\">2022. j\u00fanius 30. 05:00,  Balaton, P\u00e1lk\u00f6ve<\/font><\/p><p><font color=\"#d8a627\" face-name=\"sans-serif\" size=\"3\"><b>Csorv\u00e1si F\u00fav\u00f3szenekari Tal\u00e1lkoz\u00f3<\/b><\/font><br \/><font color=\"#ffffff\" face-name=\"sans-serif\" size=\"3\">2022. j\u00fanius 26. 14:00,  Csorv\u00e1s v\u00e1rosk\u00f6zpont<\/font><\/p><p><font color=\"#d8a627\" face-name=\"sans-serif\" size=\"3\"><b>T\u00e9r-Zene Program<\/b><\/font><br \/><font color=\"#ffffff\" face-name=\"sans-serif\" size=\"3\">2022. j\u00fanius 10. 18:00,  Orosh\u00e1za, \u00c1rp\u00e1d kert<\/font><\/p><p><font color=\"#d8a627\" face-name=\"sans-serif\" size=\"3\"><b>Richter Eg\u00e9szs\u00e9gv\u00e1ros menetzene<\/b><\/font><br \/><font color=\"#ffffff\" face-name=\"sans-serif\" size=\"3\">2022. m\u00e1jus 28. 09:00,  Orosh\u00e1za, k\u00f3rh\u00e1z-f\u0151t\u00e9r<\/font><\/p><p><font color=\"#d8a627\" face-name=\"sans-serif\" size=\"3\"><b>Zenepavilon avat\u00f3<\/b><\/font><br \/><font color=\"#ffffff\" face-name=\"sans-serif\" size=\"3\">2022. m\u00e1jus 21. 10:00,  Orosh\u00e1za, Sz\u00e9ch\u00e9nyi t\u00e9r<\/font><\/p><p><font color=\"#d8a627\" face-name=\"sans-serif\" size=\"3\"><b>Maj\u00e1lis<\/b><\/font><br \/><font color=\"#ffffff\" face-name=\"sans-serif\" size=\"3\">2022. m\u00e1jus 13. 15:10,  Orosh\u00e1za, Mikolay kert<\/font><\/p><p><font color=\"#d8a627\" face-name=\"sans-serif\" size=\"3\"><b>50. Templomi hangverseny<\/b><\/font><br \/><font color=\"#ffffff\" face-name=\"sans-serif\" size=\"3\">2022. \u00e1prilis 23. 18:00,  Orosh\u00e1za, evang\u00e9likus templom<\/font><\/p><p><font color=\"#d8a627\" face-name=\"sans-serif\" size=\"3\"><b>Koszor\u00faz\u00e1s, t\u00e9rzene<\/b><\/font><br \/><font color=\"#ffffff\" face-name=\"sans-serif\" size=\"3\">2022. m\u00e1rcius 15. 10:00,  Orosh\u00e1za, Kossuth-szobor<\/font><\/p><p><font color=\"#d8a627\" face-name=\"sans-serif\" size=\"3\"><b>Orosh\u00e1zi Hagyom\u00e1nyok-\u00cdzek Versenye 2022<\/b><\/font><br \/><font color=\"#ffffff\" face-name=\"sans-serif\" size=\"3\">2022. m\u00e1rcius 05. 08:00,  Orosh\u00e1za, piact\u00e9r<\/font><\/p><p><font color=\"#d8a627\" face-name=\"sans-serif\" size=\"3\"><b>Koszor\u00faz\u00e1s, t\u00e9rzene<\/b><\/font><br \/><font color=\"#ffffff\" face-name=\"sans-serif\" size=\"3\">2020. okt\u00f3ber 23. 10:00,  Orosh\u00e1za, T\u00f6rt\u00e9nelmi eml\u00e9kpark<\/font><\/p><p><font color=\"#d8a627\" face-name=\"sans-serif\" size=\"3\"><b>Esk\u00fcv\u0151i t\u00e9rzene<\/b><\/font><br \/><font color=\"#ffffff\" face-name=\"sans-serif\" size=\"3\">2020. j\u00falius 04. 16:00,  Csorv\u00e1s<\/font><\/p><p><font color=\"#d8a627\" face-name=\"sans-serif\" size=\"3\"><b>Zenekari turn\u00e9<\/b><\/font><br \/><font color=\"#ffffff\" face-name=\"sans-serif\" size=\"3\">2020. j\u00fanius 25. 05:00,  Balaton, P\u00e1lk\u00f6ve<\/font><\/p><p><font color=\"#d8a627\" face-name=\"sans-serif\" size=\"3\"><b>31. Szilveszteri hangverseny<\/b><\/font><br \/><font color=\"#ffffff\" face-name=\"sans-serif\" size=\"3\">2021. december 29. 18:00,  Orosh\u00e1za, Pet\u0151fi M\u0171vel\u0151d\u00e9si K\u00f6zpont<\/font><\/p><p><font color=\"#d8a627\" face-name=\"sans-serif\" size=\"3\"><b>XIV. Orosh\u00e1zi Hagyom\u00e1nyok, \u00cdzek Versenye - t\u00e9rzene<\/b><\/font><br \/><font color=\"#ffffff\" face-name=\"sans-serif\" size=\"3\">2020. febru\u00e1r 29. 08:30,  Orosh\u00e1za, piact\u00e9r<\/font><\/p><p><font color=\"#d8a627\" face-name=\"sans-serif\" size=\"3\"><b>Koszor\u00faz\u00e1s, t\u00e9rzene<\/b><\/font><br \/><font color=\"#ffffff\" face-name=\"sans-serif\" size=\"3\">2020. m\u00e1rcius 15. 10:45,  Orosh\u00e1za, Kossuth-szobor<\/font><\/p><p><font color=\"#d8a627\" face-name=\"sans-serif\" size=\"3\"><b>20. Batyus B\u00e1l<\/b><\/font><br \/><font color=\"#ffffff\" face-name=\"sans-serif\" size=\"3\">2020. janu\u00e1r 18. 19:00,  Orosh\u00e1za, T\u00e1ncsics Mih\u00e1ly gimn\u00e1zium sportcsarnoka<\/font><\/p><p><font color=\"#d8a627\" face-name=\"sans-serif\" size=\"3\"><b>Ny\u00e1rz\u00e1r\u00f3 t\u00e9rzene - 10 \u00e9ves az OrosCaf\u00e9<\/b><\/font><br \/><font color=\"#ffffff\" face-name=\"sans-serif\" size=\"3\">2019. szeptember 13. 18:00,  Orosh\u00e1za, f\u0151t\u00e9r<\/font><\/p><p><font color=\"#d8a627\" face-name=\"sans-serif\" size=\"3\"><b>zen\u00e9s \u00e9breszt\u0151<\/b><\/font><br \/><font color=\"#ffffff\" face-name=\"sans-serif\" size=\"3\">2019. szeptember 28. 08:30,  Orosh\u00e1za-R\u00e1k\u00f3czitelep<\/font><\/p><p><font color=\"#d8a627\" face-name=\"sans-serif\" size=\"3\"><b>Zombai turn\u00e9<\/b><\/font><br \/><font color=\"#ffffff\" face-name=\"sans-serif\" size=\"3\">2019. szeptember 21. 12:00,  Zomba (Tolna megye)<\/font><\/p><p><font color=\"#d8a627\" face-name=\"sans-serif\" size=\"3\"><b>Templomb\u00facs\u00fa<\/b><\/font><br \/><font color=\"#ffffff\" face-name=\"sans-serif\" size=\"3\">2019. szeptember 14. 19:30,  Szenttam\u00e1s (Vajdas\u00e1g)<\/font><\/p><p><font color=\"#d8a627\" face-name=\"sans-serif\" size=\"3\"><b>Telep\u00fcl\u00e9salap\u00edt\u00e1si \u00fcnneps\u00e9g - fanf\u00e1r<\/b><\/font><br \/><font color=\"#ffffff\" face-name=\"sans-serif\" size=\"3\">2019. \u00e1prilis 24. 18:00,  Orosh\u00e1za, Evang\u00e9likus templom<\/font><\/p><p><font color=\"#d8a627\" face-name=\"sans-serif\" size=\"3\"><b>49. Templomi hangverseny<\/b><\/font><br \/><font color=\"#ffffff\" face-name=\"sans-serif\" size=\"3\">2019. \u00e1prilis 23. 18:00,  Orosh\u00e1za, Evang\u00e9likus templom<\/font><\/p><p><font color=\"#d8a627\" face-name=\"sans-serif\" size=\"3\"><b>Koszor\u00faz\u00e1s, t\u00e9rzene<\/b><\/font><br \/><font color=\"#ffffff\" face-name=\"sans-serif\" size=\"3\">2019. m\u00e1rcius 15. 10:00,  Orosh\u00e1za, Kossuth-szobor<\/font><\/p><p><font color=\"#d8a627\" face-name=\"sans-serif\" size=\"3\"><b>Hagyom\u00e1nyok- \u00cdzek Versenye - t\u00e9rzene<\/b><\/font><br \/><font color=\"#ffffff\" face-name=\"sans-serif\" size=\"3\">2019. m\u00e1rcius 02. 08:30,  Orosh\u00e1za, Piact\u00e9r<\/font><\/p><p><font color=\"#d8a627\" face-name=\"sans-serif\" size=\"3\"><b>19. Batyus b\u00e1l<\/b><\/font><br \/><font color=\"#ffffff\" face-name=\"sans-serif\" size=\"3\">2019. janu\u00e1r 19. 19:00,  Orosh\u00e1za, T\u00e1ncsics gimn\u00e1zium sportcsarnoka<\/font><\/p><p><font color=\"#d8a627\" face-name=\"sans-serif\" size=\"3\"><b>29. Szilveszteri hangverseny<\/b><\/font><br \/><font color=\"#ffffff\" face-name=\"sans-serif\" size=\"3\">2018. december 29. 18:00,  Orosh\u00e1za, Pet\u0151fi M\u0171vel\u0151d\u00e9si K\u00f6zpont<\/font><\/p><p><font color=\"#d8a627\" face-name=\"sans-serif\" size=\"3\"><b>Koszor\u00faz\u00e1s, t\u00e9rzene<\/b><\/font><br \/><font color=\"#ffffff\" face-name=\"sans-serif\" size=\"3\">2018. okt\u00f3ber 23. 10:00,  Orosh\u00e1za, T\u00f6rt\u00e9nelmi eml\u00e9kpark<\/font><\/p><p><font color=\"#d8a627\" face-name=\"sans-serif\" size=\"3\"><b>Templomi hangverseny<\/b><\/font><br \/><font color=\"#ffffff\" face-name=\"sans-serif\" size=\"3\">2018. okt\u00f3ber 07. 16:00,  Csorv\u00e1s, Katolikus templom<\/font><\/p><p><font color=\"#d8a627\" face-name=\"sans-serif\" size=\"3\"><b>Turn\u00e9z\u00e1r\u00f3 t\u00e9rzene<\/b><\/font><br \/><font color=\"#ffffff\" face-name=\"sans-serif\" size=\"3\">2018. szeptember 30. 14:00,  Beled - f\u0151t\u00e9r<\/font><\/p><p><font color=\"#d8a627\" face-name=\"sans-serif\" size=\"3\"><b>K\u0151szegi Sz\u00fcreti Napok - turn\u00e9<\/b><\/font><br \/><font color=\"#ffffff\" face-name=\"sans-serif\" size=\"3\">2018. szeptember 28. 05:00,  K\u0151szeg<\/font><\/p><p><font color=\"#d8a627\" face-name=\"sans-serif\" size=\"3\"><b>Falunapi t\u00e9rzene<\/b><\/font><br \/><font color=\"#ffffff\" face-name=\"sans-serif\" size=\"3\">2018. augusztus 20. 15:00,  Gerend\u00e1s<\/font><\/p><p><font color=\"#d8a627\" face-name=\"sans-serif\" size=\"3\"><b>\u00c1llamalap\u00edt\u00e1si \u00fcnneps\u00e9g - t\u00e9rzene<\/b><\/font><br \/><font color=\"#ffffff\" face-name=\"sans-serif\" size=\"3\">2018. augusztus 20. 11:30,  Orosh\u00e1za, f\u0151t\u00e9r<\/font><\/p><p><font color=\"#d8a627\" face-name=\"sans-serif\" size=\"3\"><b>Szegedi F\u00fav\u00f3szenekari Fesztiv\u00e1l<\/b><\/font><br \/><font color=\"#ffffff\" face-name=\"sans-serif\" size=\"3\">2018. augusztus 19. 15:00,  Szeged, Dugonics t\u00e9r<\/font><\/p><p><font color=\"#d8a627\" face-name=\"sans-serif\" size=\"3\"><b>Hagyom\u00e1nyok- \u00cdzek Versenye<\/b><\/font><br \/><font color=\"#ffffff\" face-name=\"sans-serif\" size=\"3\">2018. febru\u00e1r 24. 08:00,  Orosh\u00e1za, Piact\u00e9r<\/font><\/p><p><font color=\"#d8a627\" face-name=\"sans-serif\" size=\"3\"><b>48. Templomi hangverseny<\/b><\/font><br \/><font color=\"#ffffff\" face-name=\"sans-serif\" size=\"3\">2018. \u00e1prilis 23. 18:00,  Orosh\u00e1za, Evang\u00e9likus templom<\/font><\/p><p><font color=\"#d8a627\" face-name=\"sans-serif\" size=\"3\"><b>Koszor\u00faz\u00e1s, t\u00e9rzene<\/b><\/font><br \/><font color=\"#ffffff\" face-name=\"sans-serif\" size=\"3\">2018. m\u00e1rcius 15. 09:00,  Orosh\u00e1za, Kossuth-szobor<\/font><\/p><p><font color=\"#d8a627\" face-name=\"sans-serif\" size=\"3\"><b>ELMARAD - 50. Templomi hangverseny<\/b><\/font><br \/><font color=\"#ffffff\" face-name=\"sans-serif\" size=\"3\">2020. \u00e1prilis 23. 18:00,  Orosh\u00e1za, Evang\u00e9likus templom<\/font><\/p><p><font color=\"#d8a627\" face-name=\"sans-serif\" size=\"3\"><b>\u00c1llamalap\u00edt\u00e1si \u00fcnneps\u00e9g<\/b><\/font><br \/><font color=\"#ffffff\" face-name=\"sans-serif\" size=\"3\">2019. augusztus 20. 13:00,  Orosh\u00e1za, f\u0151t\u00e9r<\/font><\/p><p><font color=\"#d8a627\" face-name=\"sans-serif\" size=\"3\"><b>T\u00f3tkoml\u00f3si F\u00fav\u00f3szenekari Fesztiv\u00e1l<\/b><\/font><br \/><font color=\"#ffffff\" face-name=\"sans-serif\" size=\"3\">2019. augusztus 19. 14:00,  T\u00f3tkoml\u00f3s<\/font><\/p><p><font color=\"#d8a627\" face-name=\"sans-serif\" size=\"3\"><b>Koszor\u00faz\u00e1s, t\u00e9rzene<\/b><\/font><br \/><font color=\"#ffffff\" face-name=\"sans-serif\" size=\"3\">2019. okt\u00f3ber 23. 10:00,  Orosh\u00e1za, T\u00f6rt\u00e9nelmi eml\u00e9kpark<\/font><\/p><p><font color=\"#d8a627\" face-name=\"sans-serif\" size=\"3\"><b>30. Szilveszteri hangverseny<\/b><\/font><br \/><font color=\"#ffffff\" face-name=\"sans-serif\" size=\"3\">2019. december 29. 18:00,  Orosh\u00e1za, E\u00f6tv\u00f6s t\u00e9ri sportcsarnok<\/font><\/p><p><font color=\"#d8a627\" face-name=\"sans-serif\" size=\"3\"><b>Zombai turn\u00e9<\/b><\/font><br \/><font color=\"#ffffff\" face-name=\"sans-serif\" size=\"3\">2017. szeptember 23. 05:00,  Zomba, Tolna megye<\/font><\/p><p><font color=\"#d8a627\" face-name=\"sans-serif\" size=\"3\"><b>Koszor\u00faz\u00e1s, t\u00e9rzene<\/b><\/font><br \/><font color=\"#ffffff\" face-name=\"sans-serif\" size=\"3\">2017. okt\u00f3ber 23. 10:00,  Orosh\u00e1za, T\u00f6rt\u00e9nelmi eml\u00e9kpark<\/font><\/p><p><font color=\"#d8a627\" face-name=\"sans-serif\" size=\"3\"><b>XXVIII. Szilveszteri hangverseny<\/b><\/font><br \/><font color=\"#ffffff\" face-name=\"sans-serif\" size=\"3\">2017. december 29. 18:00,  Orosh\u00e1za, Pet\u0151fi M\u0171vel\u0151d\u00e9si K\u00f6zpont<\/font><\/p><p><font color=\"#d8a627\" face-name=\"sans-serif\" size=\"3\"><b>G\u00e1dorosi falunap<\/b><\/font><br \/><font color=\"#ffffff\" face-name=\"sans-serif\" size=\"3\">2017. szeptember 30. 16:30,  G\u00e1doros<\/font><\/p><p><font color=\"#d8a627\" face-name=\"sans-serif\" size=\"3\"><b>Zenekari esk\u00fcv\u0151<\/b><\/font><br \/><font color=\"#ffffff\" face-name=\"sans-serif\" size=\"3\">2018. j\u00fanius 30. 17:00,  Orosh\u00e1za<\/font><\/p><p><font color=\"#d8a627\" face-name=\"sans-serif\" size=\"3\"><b>Esk\u00fcv\u0151<\/b><\/font><br \/><font color=\"#ffffff\" face-name=\"sans-serif\" size=\"3\">2017. j\u00falius 08. 18:00,  Alf\u00f6ld Gy\u00f6ngye Hotel - Orosh\u00e1za<\/font><\/p><p><font color=\"#d8a627\" face-name=\"sans-serif\" size=\"3\"><b>Szigligeti turn\u00e9<\/b><\/font><br \/><font color=\"#ffffff\" face-name=\"sans-serif\" size=\"3\">2017. j\u00falius 21. ,  Szigliget - Balaton<\/font><\/p><p><font color=\"#d8a627\" face-name=\"sans-serif\" size=\"3\"><b>Gazdanapi megeml\u00e9kez\u00e9s<\/b><\/font><br \/><font color=\"#ffffff\" face-name=\"sans-serif\" size=\"3\">2017. j\u00fanius 23. 10:00,  Orosh\u00e1za, D\u00f3zsa Gy\u00f6rgy utca<\/font><\/p><p><font color=\"#d8a627\" face-name=\"sans-serif\" size=\"3\"><b>47. Templomi hangverseny<\/b><\/font><br \/><font color=\"#ffffff\" face-name=\"sans-serif\" size=\"3\">2017. \u00e1prilis 23. 18:00,  Orosh\u00e1za, evang\u00e9likus templom<\/font><\/p><p><font color=\"#d8a627\" face-name=\"sans-serif\" size=\"3\"><b>Koszor\u00faz\u00e1s - t\u00e9rzene<\/b><\/font><br \/><font color=\"#ffffff\" face-name=\"sans-serif\" size=\"3\">2017. m\u00e1rcius 15. 10:00,  Orosh\u00e1za, T\u00f6rt\u00e9nelmi eml\u00e9kpark<\/font><\/p><p><font color=\"#d8a627\" face-name=\"sans-serif\" size=\"3\"><b>Sv\u00e1b Batyus B\u00e1l<\/b><\/font><br \/><font color=\"#ffffff\" face-name=\"sans-serif\" size=\"3\">2017. janu\u00e1r 21. 18:00,  Orosh\u00e1za, T\u00e1ncsics Mih\u00e1ly gimn\u00e1zium tornacsarnok<\/font><\/p><p><font color=\"#d8a627\" face-name=\"sans-serif\" size=\"3\"><b>27. Szilvesztei hangverseny<\/b><\/font><br \/><font color=\"#ffffff\" face-name=\"sans-serif\" size=\"3\">2016. december 29. 18:00,  Orosh\u00e1za, Pet\u0151fi M\u0171vel\u0151d\u00e9si K\u00f6zpont<\/font><\/p><p><font color=\"#d8a627\" face-name=\"sans-serif\" size=\"3\"><b>Falunap - t\u00e9rzene<\/b><\/font><br \/><font color=\"#ffffff\" face-name=\"sans-serif\" size=\"3\">2016. augusztus 13. 11:00,  B\u00e9lmegyer<\/font><\/p><p><font color=\"#d8a627\" face-name=\"sans-serif\" size=\"3\"><b>Arat\u00f3\u00fcnnep -t\u00e9rzene<\/b><\/font><br \/><font color=\"#ffffff\" face-name=\"sans-serif\" size=\"3\">2016. augusztus 20. 15:00,  Gerend\u00e1s<\/font><\/p><p><font color=\"#d8a627\" face-name=\"sans-serif\" size=\"3\"><b>XIII. Keny\u00e9r\u00fcnnep - t\u00e9rzene<\/b><\/font><br \/><font color=\"#ffffff\" face-name=\"sans-serif\" size=\"3\">2016. augusztus 20. 11:00,  Orosh\u00e1za-Gyop\u00e1rosf\u00fcrd\u0151<\/font><\/p><p><font color=\"#d8a627\" face-name=\"sans-serif\" size=\"3\"><b>Koszor\u00faz\u00e1s - t\u00e9rzene<\/b><\/font><br \/><font color=\"#ffffff\" face-name=\"sans-serif\" size=\"3\">2016. augusztus 19. 17:00,  Orosh\u00e1za, Szent Istv\u00e1n-szobor<\/font><\/p><p><font color=\"#d8a627\" face-name=\"sans-serif\" size=\"3\"><b>Zombai turn\u00e9<\/b><\/font><br \/><font color=\"#ffffff\" face-name=\"sans-serif\" size=\"3\">2016. j\u00fanius 25. 08:00,  Zomba<\/font><\/p><p><font color=\"#d8a627\" face-name=\"sans-serif\" size=\"3\"><b>T\u00e9rzene a Focifaluban<\/b><\/font><br \/><font color=\"#ffffff\" face-name=\"sans-serif\" size=\"3\">2016. j\u00fanius 17. 17:00,  Orosh\u00e1za, f\u0151t\u00e9r<\/font><\/p><p><font color=\"#d8a627\" face-name=\"sans-serif\" size=\"3\"><b>Orosh\u00e1zi mazsorettek versenye \u00e9s g\u00e1l\u00e1ja<\/b><\/font><br \/><font color=\"#ffffff\" face-name=\"sans-serif\" size=\"3\">2016. m\u00e1rcius 19. 16:00,  Orosh\u00e1za, Pet\u0151fi M\u0171vel\u0151d\u00e9si K\u00f6zpont<\/font><\/p><p><font color=\"#d8a627\" face-name=\"sans-serif\" size=\"3\"><b>M\u00e1rcius 15-i t\u00e9rzene<\/b><\/font><br \/><font color=\"#ffffff\" face-name=\"sans-serif\" size=\"3\">2016. m\u00e1rcius 15. 16:00,  Orosh\u00e1za, Kossuth-szobor<\/font><\/p><p><font color=\"#d8a627\" face-name=\"sans-serif\" size=\"3\"><b>Sv\u00e1b Batyus B\u00e1l<\/b><\/font><br \/><font color=\"#ffffff\" face-name=\"sans-serif\" size=\"3\">2016. janu\u00e1r 16. 18:00,  Orosh\u00e1za, T\u00e1ncsics sportcsarnok<\/font><\/p><p><font color=\"#d8a627\" face-name=\"sans-serif\" size=\"3\"><b>26. F\u00fav\u00f3s Szilveszter<\/b><\/font><br \/><font color=\"#ffffff\" face-name=\"sans-serif\" size=\"3\">2015. december 29. 18:00,  Orosh\u00e1za, Pet\u0151fi M\u0171vel\u0151d\u00e9si K\u00f6zpont<\/font><\/p><p><font color=\"#d8a627\" face-name=\"sans-serif\" size=\"3\"><b>S\u00f6r-Virsli Fesztiv\u00e1l - megnyit\u00f3 t\u00e9rzene<\/b><\/font><br \/><font color=\"#ffffff\" face-name=\"sans-serif\" size=\"3\">2015. j\u00falius 17. 15:00,  Orosh\u00e1za-Gyop\u00e1rosf\u00fcrd\u0151<\/font><\/p><p><font color=\"#d8a627\" face-name=\"sans-serif\" size=\"3\"><b>Zombai turn\u00e9<\/b><\/font><br \/><font color=\"#ffffff\" face-name=\"sans-serif\" size=\"3\">2015. j\u00fanius 26. 10:00,  Zomba<\/font><\/p><p><font color=\"#d8a627\" face-name=\"sans-serif\" size=\"3\"><b>T\u00e9rzene<\/b><\/font><br \/><font color=\"#ffffff\" face-name=\"sans-serif\" size=\"3\">2015. m\u00e1jus 08. 18:00,  Orosh\u00e1za, f\u0151t\u00e9r<\/font><\/p><p><font color=\"#d8a627\" face-name=\"sans-serif\" size=\"3\"><b>V. Magyar Hagyom\u00e1ny\u0151rz\u0151 Maj\u00e1lis Gell\u00e9rtegyh\u00e1z\u00e1n<\/b><\/font><br \/><font color=\"#ffffff\" face-name=\"sans-serif\" size=\"3\">2015. m\u00e1jus 01. 10:00,  Orosh\u00e1za - Gell\u00e9rtegyh\u00e1za<\/font><\/p><p><font color=\"#d8a627\" face-name=\"sans-serif\" size=\"3\"><b>46. Templomi hangverseny<\/b><\/font><br \/><font color=\"#ffffff\" face-name=\"sans-serif\" size=\"3\">2015. \u00e1prilis 23. 18:00,  evang\u00e9likus templom, Orosh\u00e1za<\/font><\/p><p><font color=\"#d8a627\" face-name=\"sans-serif\" size=\"3\"><b>85. sz\u00fclet\u00e9snapi \u00e9s 25. \u00e9vz\u00e1r\u00f3 hangverseny<\/b><\/font><br \/><font color=\"#ffffff\" face-name=\"sans-serif\" size=\"3\">2014. december 06. 18:00,  Orosh\u00e1za, Pet\u0151fi M\u0171vel\u0151d\u00e9si K\u00f6zpont<\/font><\/p><p><font color=\"#d8a627\" face-name=\"sans-serif\" size=\"3\"><b>Magyar Dal Napja - t\u00e9rzene<\/b><\/font><br \/><font color=\"#ffffff\" face-name=\"sans-serif\" size=\"3\">2014. szeptember 12. 18:00,  Orosh\u00e1za, \u00c1rp\u00e1d kert<\/font><\/p><p><font color=\"#d8a627\" face-name=\"sans-serif\" size=\"3\"><b>F\u00f6ldm\u0171vel\u0151k eml\u00e9km\u0171ve - szoboravat\u00f3 t\u00e9rzene<\/b><\/font><br \/><font color=\"#ffffff\" face-name=\"sans-serif\" size=\"3\">2014. szeptember 20. 10:45,  Orosh\u00e1za, f\u0151t\u00e9r<\/font><\/p><p><font color=\"#d8a627\" face-name=\"sans-serif\" size=\"3\"><b>R\u00e1k\u00f3czitelepi falunap - menetzene<\/b><\/font><br \/><font color=\"#ffffff\" face-name=\"sans-serif\" size=\"3\">2014. szeptember 13. 08:00,  Orosh\u00e1za<\/font><\/p><p><font color=\"#d8a627\" face-name=\"sans-serif\" size=\"3\"><b>Ifj\u00fas\u00e1gi- \u00e9s Junior Er\u0151emel\u0151 Vil\u00e1gbajnoks\u00e1g - megnyit\u00f3 t\u00e9rzene<\/b><\/font><br \/><font color=\"#ffffff\" face-name=\"sans-serif\" size=\"3\">2014. augusztus 31. 17:30,  Orosh\u00e1za, f\u0151t\u00e9r<\/font><\/p><p><font color=\"#d8a627\" face-name=\"sans-serif\" size=\"3\"><b>Gazdanap, arat\u00f3\u00fcnnep - zen\u00e9s \u00e9breszt\u0151<\/b><\/font><br \/><font color=\"#ffffff\" face-name=\"sans-serif\" size=\"3\">2014. augusztus 20. 07:00,  Orosh\u00e1za<\/font><\/p><p><font color=\"#d8a627\" face-name=\"sans-serif\" size=\"3\"><b>Keny\u00e9r\u00fcnnep - t\u00e9rzene<\/b><\/font><br \/><font color=\"#ffffff\" face-name=\"sans-serif\" size=\"3\">2014. augusztus 20. 12:00,  Orosh\u00e1za - Gyop\u00e1rosf\u00fcrd\u0151<\/font><\/p><p><font color=\"#d8a627\" face-name=\"sans-serif\" size=\"3\"><b>Koszor\u00faz\u00e1s - t\u00e9rzene<\/b><\/font><br \/><font color=\"#ffffff\" face-name=\"sans-serif\" size=\"3\">2014. augusztus 19. 17:00,  Orosh\u00e1za, f\u0151t\u00e9r<\/font><\/p><p><font color=\"#d8a627\" face-name=\"sans-serif\" size=\"3\"><b>Fesztiv\u00e1l turn\u00e9<\/b><\/font><br \/><font color=\"#ffffff\" face-name=\"sans-serif\" size=\"3\">2014. augusztus 16. 06:00,  Mogyor\u00f3sb\u00e1nya<\/font><\/p><p><font color=\"#d8a627\" face-name=\"sans-serif\" size=\"3\"><b>III. S\u00f6r-Virsli Fesztiv\u00e1l - t\u00e9rzene<\/b><\/font><br \/><font color=\"#ffffff\" face-name=\"sans-serif\" size=\"3\">2014. j\u00falius 11. 15:00,  Orosh\u00e1za - Gyop\u00e1rosf\u00fcrd\u0151<\/font><\/p><p><font color=\"#d8a627\" face-name=\"sans-serif\" size=\"3\"><b>Evang\u00e9likus ker\u00fcleti misszi\u00f3<\/b><\/font><br \/><font color=\"#ffffff\" face-name=\"sans-serif\" size=\"3\">2014. m\u00e1jus 31. 15:00,  Orosh\u00e1za, evang\u00e9likus templom<\/font><\/p><p><font color=\"#d8a627\" face-name=\"sans-serif\" size=\"3\"><b>R\u00e9tesbolt sz\u00fclet\u00e9snap<\/b><\/font><br \/><font color=\"#ffffff\" face-name=\"sans-serif\" size=\"3\">2014. m\u00e1jus 18. 15:00,  Orosh\u00e1za, D\u00f3zsa Gy\u00f6rgy utca 15.<\/font><\/p><p><font color=\"#d8a627\" face-name=\"sans-serif\" size=\"3\"><b>Zene Vil\u00e1gnapja - koncert<\/b><\/font><br \/><font color=\"#ffffff\" face-name=\"sans-serif\" size=\"3\">2014. okt\u00f3ber 01. 18:00,  Orosh\u00e1za, Pet\u0151fi M\u0171vel\u0151d\u00e9si K\u00f6zpont<\/font><\/p><p><font color=\"#d8a627\" face-name=\"sans-serif\" size=\"3\"><b>Koszor\u00faz\u00e1s - t\u00e9rzene<\/b><\/font><br \/><font color=\"#ffffff\" face-name=\"sans-serif\" size=\"3\">2014. okt\u00f3ber 23. 10:00,  Orosh\u00e1za, T\u00f6rt\u00e9nelmi eml\u00e9kpark<\/font><\/p><p><font color=\"#d8a627\" face-name=\"sans-serif\" size=\"3\"><b>Koszor\u00faz\u00e1s - t\u00e9rzene<\/b><\/font><br \/><font color=\"#ffffff\" face-name=\"sans-serif\" size=\"3\">2014. okt\u00f3ber 06. 10:00,  Orosh\u00e1za, T\u00f6rt\u00e9nelmi eml\u00e9kpark<\/font><\/p><p><font color=\"#d8a627\" face-name=\"sans-serif\" size=\"3\"><b>45. V\u00e1rosalap\u00edt\u00e1si hangverseny<\/b><\/font><br \/><font color=\"#ffffff\" face-name=\"sans-serif\" size=\"3\">2014. \u00e1prilis 23. 18:00,  Orosh\u00e1za, evang\u00e9likus templom<\/font><\/p><p><font color=\"#d8a627\" face-name=\"sans-serif\" size=\"3\"><b>Koszor\u00faz\u00e1s - t\u00e9rzene<\/b><\/font><br \/><font color=\"#ffffff\" face-name=\"sans-serif\" size=\"3\">2014. m\u00e1rcius 15. 10:00,  Orosh\u00e1za<\/font><\/p><p><font color=\"#d8a627\" face-name=\"sans-serif\" size=\"3\"><b>Farsangi hangverseny<\/b><\/font><br \/><font color=\"#ffffff\" face-name=\"sans-serif\" size=\"3\">2014. febru\u00e1r 14. 18:00,  Pet\u0151fi M\u0171vel\u0151d\u00e9si K\u00f6zpont, Orosh\u00e1za<\/font><\/p><p><font color=\"#d8a627\" face-name=\"sans-serif\" size=\"3\"><b>Alma a f\u00e1j\u00e1t\u00f3l a K. T\u00f3th csal\u00e1ddal<\/b><\/font><br \/><font color=\"#ffffff\" face-name=\"sans-serif\" size=\"3\">2013. november 08. 18:00,  Orosh\u00e1za, Pet\u0151fi M\u0171vel\u0151d\u00e9si K\u00f6zpont<\/font><\/p><p><font color=\"#d8a627\" face-name=\"sans-serif\" size=\"3\"><b>50 \u00e9ves az orosh\u00e1zi \u00fcveggy\u00e1r - t\u00e9rzene<\/b><\/font><br \/><font color=\"#ffffff\" face-name=\"sans-serif\" size=\"3\">2013. november 06. 14:15,  Orosh\u00e1za, Csorv\u00e1si \u00fat<\/font><\/p><p><font color=\"#d8a627\" face-name=\"sans-serif\" size=\"3\"><b>F\u00fav\u00f3szenekari Fesztiv\u00e1l<\/b><\/font><br \/><font color=\"#ffffff\" face-name=\"sans-serif\" size=\"3\">2013. augusztus 20. 14:00,  Kistelek<\/font><\/p><p><font color=\"#d8a627\" face-name=\"sans-serif\" size=\"3\"><b>Koszor\u00faz\u00e1s - t\u00e9rzene<\/b><\/font><br \/><font color=\"#ffffff\" face-name=\"sans-serif\" size=\"3\">2013. augusztus 19. 17:45,  Orosh\u00e1za, Szent Istv\u00e1n-szobor (f\u0151t\u00e9r)<\/font><\/p><p><font color=\"#d8a627\" face-name=\"sans-serif\" size=\"3\"><b>VIII. Nemzetk\u00f6zi Gazdatal\u00e1lkoz\u00f3 \u00e9s Arat\u00f3\u00fcnnep, XLV. Nemzetk\u00f6zi L\u00f3verseny - zen\u00e9s \u00e9breszt\u0151<\/b><\/font><br \/><font color=\"#ffffff\" face-name=\"sans-serif\" size=\"3\">2013. augusztus 19. 07:30,  Orosh\u00e1za, Bog\u00e1rz\u00f3<\/font><\/p><p><font color=\"#d8a627\" face-name=\"sans-serif\" size=\"3\"><b>Balatoni turn\u00e9 - Szigliget (j\u00falius 17-21)<\/b><\/font><br \/><font color=\"#ffffff\" face-name=\"sans-serif\" size=\"3\">2013. j\u00falius 17. 06:00,  Szigliget - Balaton<\/font><\/p><p><font color=\"#d8a627\" face-name=\"sans-serif\" size=\"3\"><b>Koszor\u00faz\u00e1s - t\u00e9rzene<\/b><\/font><br \/><font color=\"#ffffff\" face-name=\"sans-serif\" size=\"3\">2013. okt\u00f3ber 23. 10:00,  Orosh\u00e1za, T\u00f6rt\u00e9nelmi eml\u00e9kpark<\/font><\/p><p><font color=\"#d8a627\" face-name=\"sans-serif\" size=\"3\"><b>Koszor\u00faz\u00e1s - t\u00e9rzene<\/b><\/font><br \/><font color=\"#ffffff\" face-name=\"sans-serif\" size=\"3\">2013. okt\u00f3ber 06. 10:00,  Orosh\u00e1za, T\u00f6rt\u00e9nelmi eml\u00e9kpark<\/font><\/p><p><font color=\"#d8a627\" face-name=\"sans-serif\" size=\"3\"><b>Zombai turn\u00e9 (j\u00falius 26-28)<\/b><\/font><br \/><font color=\"#ffffff\" face-name=\"sans-serif\" size=\"3\">2013. j\u00falius 26. 08:00,  Zomba<\/font><\/p><p><font color=\"#d8a627\" face-name=\"sans-serif\" size=\"3\"><b>II. S\u00f6r-Virsli Fesztiv\u00e1l<\/b><\/font><br \/><font color=\"#ffffff\" face-name=\"sans-serif\" size=\"3\">2013. j\u00falius 12. 15:00,  Orosh\u00e1za - Gyop\u00e1rosf\u00fcrd\u0151<\/font><\/p><p><font color=\"#d8a627\" face-name=\"sans-serif\" size=\"3\"><b>K\u00e9zilabd\u00e1s felvonul\u00e1s - menetzene<\/b><\/font><br \/><font color=\"#ffffff\" face-name=\"sans-serif\" size=\"3\">2013. j\u00fanius 07. 16:00,  Orosh\u00e1za, belv\u00e1ros<\/font><\/p><p><font color=\"#d8a627\" face-name=\"sans-serif\" size=\"3\"><b>44. V\u00e1rosalap\u00edt\u00e1si hangverseny<\/b><\/font><br \/><font color=\"#ffffff\" face-name=\"sans-serif\" size=\"3\">2013. \u00e1prilis 23. 18:00,  Orosh\u00e1za, evang\u00e9likus templom<\/font><\/p><p><font color=\"#d8a627\" face-name=\"sans-serif\" size=\"3\"><b>Zen\u00e9l a v\u00e1ros - t\u00e9rzene<\/b><\/font><br \/><font color=\"#ffffff\" face-name=\"sans-serif\" size=\"3\">2013. \u00e1prilis 21. 18:00,  Orosh\u00e1za, \u00c1rp\u00e1d-kert<\/font><\/p><p><font color=\"#d8a627\" face-name=\"sans-serif\" size=\"3\"><b>Koszor\u00faz\u00e1s - t\u00e9rzene<\/b><\/font><br \/><font color=\"#ffffff\" face-name=\"sans-serif\" size=\"3\">2013. m\u00e1rcius 15. 13:45,  Orosh\u00e1za, Kossuth-szobor<\/font><\/p><p><font color=\"#d8a627\" face-name=\"sans-serif\" size=\"3\"><b>Falunap - t\u00e9rzene<\/b><\/font><br \/><font color=\"#ffffff\" face-name=\"sans-serif\" size=\"3\">2012. szeptember 29. 11:00,  G\u00e1doros<\/font><\/p><p><font color=\"#d8a627\" face-name=\"sans-serif\" size=\"3\"><b>I. Vadk\u00f6rte Fesztiv\u00e1l - t\u00e9rzene<\/b><\/font><br \/><font color=\"#ffffff\" face-name=\"sans-serif\" size=\"3\">2012. szeptember 22. 18:45,  Orosh\u00e1za, \u00c1rp\u00e1d-kert<\/font><\/p><p><font color=\"#d8a627\" face-name=\"sans-serif\" size=\"3\"><b>R\u00e1k\u00f3czi Fesztiv\u00e1l - menetzene<\/b><\/font><br \/><font color=\"#ffffff\" face-name=\"sans-serif\" size=\"3\">2012. szeptember 22. 08:30,  Orosh\u00e1za, R\u00e1k\u00f3czitelep<\/font><\/p><p><font color=\"#d8a627\" face-name=\"sans-serif\" size=\"3\"><b>Toronyzene<\/b><\/font><br \/><font color=\"#ffffff\" face-name=\"sans-serif\" size=\"3\">2012. szeptember 10. 11:00,  Orosh\u00e1za, evang\u00e9likus templom<\/font><\/p><p><font color=\"#d8a627\" face-name=\"sans-serif\" size=\"3\"><b>100 \u00e9ves a V\u00f6r\u00f6smarty iskola - t\u00e9rzene<\/b><\/font><br \/><font color=\"#ffffff\" face-name=\"sans-serif\" size=\"3\">2012. okt\u00f3ber 13. 08:15,  Orosh\u00e1za, V\u00f6r\u00f6smarty iskola<\/font><\/p><p><font color=\"#d8a627\" face-name=\"sans-serif\" size=\"3\"><b>Menetzene, t\u00e9rzene<\/b><\/font><br \/><font color=\"#ffffff\" face-name=\"sans-serif\" size=\"3\">2012. szeptember 08. 10:00,  Dombegyh\u00e1za<\/font><\/p><p><font color=\"#d8a627\" face-name=\"sans-serif\" size=\"3\"><b>S\u00f6r- \u00e9s virslifesztiv\u00e1l - Sramli zene<\/b><\/font><br \/><font color=\"#ffffff\" face-name=\"sans-serif\" size=\"3\">2012. j\u00falius 20. 18:00,  Gyop\u00e1rosf\u00fcrd\u0151<\/font><\/p><p><font color=\"#d8a627\" face-name=\"sans-serif\" size=\"3\"><b>Esk\u00fcv\u0151<\/b><\/font><br \/><font color=\"#ffffff\" face-name=\"sans-serif\" size=\"3\">2012. augusztus 25. 12:00,  Orosh\u00e1za, T\u00e1ncsics Mih\u00e1ly gimn\u00e1zium<\/font><\/p><p><font color=\"#d8a627\" face-name=\"sans-serif\" size=\"3\"><b>Gazdanap - zen\u00e9s \u00e9breszt\u0151<\/b><\/font><br \/><font color=\"#ffffff\" face-name=\"sans-serif\" size=\"3\">2012. augusztus 19. 08:00,  Orosh\u00e1za<\/font><\/p><p><font color=\"#d8a627\" face-name=\"sans-serif\" size=\"3\"><b>Esk\u00fcv\u0151 - t\u00e9rzene<\/b><\/font><br \/><font color=\"#ffffff\" face-name=\"sans-serif\" size=\"3\">2012. j\u00falius 28. 11:30,  Orosh\u00e1za, evang\u00e9likus templom<\/font><\/p><p><font color=\"#d8a627\" face-name=\"sans-serif\" size=\"3\"><b>Veter\u00e1naut\u00f3 fesztiv\u00e1l<\/b><\/font><br \/><font color=\"#ffffff\" face-name=\"sans-serif\" size=\"3\">2012. j\u00falius 22. 10:00,  Orosh\u00e1za, \u00c1rp\u00e1d-kert<\/font><\/p><p><font color=\"#d8a627\" face-name=\"sans-serif\" size=\"3\"><b>S\u00f6r- \u00e9s virslifesztiv\u00e1l - t\u00e9rzene<\/b><\/font><br \/><font color=\"#ffffff\" face-name=\"sans-serif\" size=\"3\">2012. j\u00falius 21. 17:00,  Gyop\u00e1rosf\u00fcrd\u0151<\/font><\/p><p><font color=\"#d8a627\" face-name=\"sans-serif\" size=\"3\"><b>Zombai turn\u00e9<\/b><\/font><br \/><font color=\"#ffffff\" face-name=\"sans-serif\" size=\"3\">2012. j\u00falius 06. 13:00,  Zomba<\/font><\/p><p><font color=\"#d8a627\" face-name=\"sans-serif\" size=\"3\"><b>H\u0151s\u00f6k napja - koszor\u00faz\u00e1s, t\u00e9rzene<\/b><\/font><br \/><font color=\"#ffffff\" face-name=\"sans-serif\" size=\"3\">2012. m\u00e1jus 25. 18:00,  Orosh\u00e1za, \u00c1rp\u00e1d-kert<\/font><\/p><p><font color=\"#d8a627\" face-name=\"sans-serif\" size=\"3\"><b>Orosh\u00e1zi F\u00fav\u00f3szenekari Fesztiv\u00e1l<\/b><\/font><br \/><font color=\"#ffffff\" face-name=\"sans-serif\" size=\"3\">2012. augusztus 04. 10:00,  E\u00f6tv\u00f6s t\u00e9r, Gyop\u00e1rosf\u00fcrd\u0151<\/font><\/p><p><font color=\"#d8a627\" face-name=\"sans-serif\" size=\"3\"><b>S\u00f6r- \u00e9s virslifesztiv\u00e1l - t\u00e9rzene<\/b><\/font><br \/><font color=\"#ffffff\" face-name=\"sans-serif\" size=\"3\">2012. j\u00falius 20. 14:00,  Gyop\u00e1rosf\u00fcrd\u0151<\/font><\/p><p><font color=\"#d8a627\" face-name=\"sans-serif\" size=\"3\"><b>Strandszezon nyit\u00f3 t\u00e9rzene<\/b><\/font><br \/><font color=\"#ffffff\" face-name=\"sans-serif\" size=\"3\">2012. m\u00e1jus 01. 13:30,  Gyop\u00e1rosf\u00fcrd\u0151<\/font><\/p><p><font color=\"#d8a627\" face-name=\"sans-serif\" size=\"3\"><b>Linamar \u00fczemcsarnok avat\u00e1s<\/b><\/font><br \/><font color=\"#ffffff\" face-name=\"sans-serif\" size=\"3\">2012. m\u00e1rcius 09. 10:30,  Orosh\u00e1za, Csorv\u00e1si \u00fat<\/font><\/p><p><font color=\"#d8a627\" face-name=\"sans-serif\" size=\"3\"><b>Tavaszi M\u0171v\u00e9szeti Fesztiv\u00e1l<\/b><\/font><br \/><font color=\"#ffffff\" face-name=\"sans-serif\" size=\"3\">2012. m\u00e1rcius 22. 18:00,  Orosh\u00e1za, Pet\u0151fi M\u0171vel\u0151d\u00e9si K\u00f6zpont<\/font><\/p><p><font color=\"#d8a627\" face-name=\"sans-serif\" size=\"3\"><b>Koszor\u00faz\u00e1s, t\u00e9rzene<\/b><\/font><br \/><font color=\"#ffffff\" face-name=\"sans-serif\" size=\"3\">2012. okt\u00f3ber 23. 10:00,  Orosh\u00e1za, T\u00f6rt\u00e9nelmi eml\u00e9kpark<\/font><\/p><p><font color=\"#d8a627\" face-name=\"sans-serif\" size=\"3\"><b>Koszor\u00faz\u00e1s, t\u00e9rzene<\/b><\/font><br \/><font color=\"#ffffff\" face-name=\"sans-serif\" size=\"3\">2012. okt\u00f3ber 06. 10:45,  Orosh\u00e1za, Kossuth-szobor<\/font><\/p><p><font color=\"#d8a627\" face-name=\"sans-serif\" size=\"3\"><b>XXIV. Szilveszteri hangverseny<\/b><\/font><br \/><font color=\"#ffffff\" face-name=\"sans-serif\" size=\"3\">2012. december 29. 18:00,  Orosh\u00e1za, Pet\u0151fi M\u0171vel\u0151d\u00e9si K\u00f6zpont<\/font><\/p><p><font color=\"#d8a627\" face-name=\"sans-serif\" size=\"3\"><b>43. Templomi hangverseny<\/b><\/font><br \/><font color=\"#ffffff\" face-name=\"sans-serif\" size=\"3\">2012. \u00e1prilis 23. 18:00,  Orosh\u00e1za, evang\u00e9likus templom<\/font><\/p><p><font color=\"#d8a627\" face-name=\"sans-serif\" size=\"3\"><b>Koszor\u00faz\u00e1s, t\u00e9rzene<\/b><\/font><br \/><font color=\"#ffffff\" face-name=\"sans-serif\" size=\"3\">2012. m\u00e1rcius 15. 10:00,  Orosh\u00e1za, Pet\u0151fi M\u0171vel\u0151d\u00e9si K\u00f6zpont<\/font><\/p><p><font color=\"#d8a627\" face-name=\"sans-serif\" size=\"3\"><b>M\u00e1rton-napi operett hangverseny<\/b><\/font><br \/><font color=\"#ffffff\" face-name=\"sans-serif\" size=\"3\">2011. november 11. 18:30,  Orosh\u00e1za, Pet\u0151fi M\u0171vel\u0151d\u00e9si K\u00f6zpont<\/font><\/p><p><font color=\"#d8a627\" face-name=\"sans-serif\" size=\"3\"><b>R\u00e9tesbolt teraszavat\u00f3<\/b><\/font><br \/><font color=\"#ffffff\" face-name=\"sans-serif\" size=\"3\">2011. augusztus 13. 10:30,  Orosh\u00e1za, D\u00f3zsa Gy\u00f6rgy utca 15.<\/font><\/p><p><font color=\"#d8a627\" face-name=\"sans-serif\" size=\"3\"><b>T\u00e9rzene - III. Libam\u00e1jfesztiv\u00e1l<\/b><\/font><br \/><font color=\"#ffffff\" face-name=\"sans-serif\" size=\"3\">2011. j\u00fanius 03. 19:00,  Orosh\u00e1za - Gyop\u00e1r Club Hotel<\/font><\/p><p><font color=\"#d8a627\" face-name=\"sans-serif\" size=\"3\"><b>Orosh\u00e1za Fesztiv\u00e1l - t\u00e9rzene<\/b><\/font><br \/><font color=\"#ffffff\" face-name=\"sans-serif\" size=\"3\">2011. j\u00falius 10. 19:00,  Orosh\u00e1za, \u00c1rp\u00e1d-kert<\/font><\/p><p><font color=\"#d8a627\" face-name=\"sans-serif\" size=\"3\"><b>Orosh\u00e1za Fesztiv\u00e1l - megnyit\u00f3<\/b><\/font><br \/><font color=\"#ffffff\" face-name=\"sans-serif\" size=\"3\">2011. j\u00falius 08. 19:00,  Orosh\u00e1za, \u00c1rp\u00e1d-kert<\/font><\/p><p><font color=\"#d8a627\" face-name=\"sans-serif\" size=\"3\"><b>50 \u00e9ves az \u00fcveggy\u00e1r, t\u00e9rzene<\/b><\/font><br \/><font color=\"#ffffff\" face-name=\"sans-serif\" size=\"3\">2011. m\u00e1jus 01. 09:30,  Orosh\u00e1za, \u00fcveggy\u00e1r<\/font><\/p><p><font color=\"#d8a627\" face-name=\"sans-serif\" size=\"3\"><b>Zombai bogr\u00e1csfesztiv\u00e1l<\/b><\/font><br \/><font color=\"#ffffff\" face-name=\"sans-serif\" size=\"3\">2011. j\u00falius 30. 08:00,  Zomba<\/font><\/p><p><font color=\"#d8a627\" face-name=\"sans-serif\" size=\"3\"><b>Zene vil\u00e1gnapi j\u00f3t\u00e9konys\u00e1gi hangverseny<\/b><\/font><br \/><font color=\"#ffffff\" face-name=\"sans-serif\" size=\"3\">2011. szeptember 30. 18:30,  Orosh\u00e1za, Pet\u0151fi M\u0171vel\u0151d\u00e9si K\u00f6zpont<\/font><\/p><p><font color=\"#d8a627\" face-name=\"sans-serif\" size=\"3\"><b>Esk\u00fcv\u0151 - \u00f6r\u00f6mzene<\/b><\/font><br \/><font color=\"#ffffff\" face-name=\"sans-serif\" size=\"3\">2011. augusztus 13. 16:30,  Orosh\u00e1za, H\u00e1zass\u00e1gk\u00f6t\u0151 terem<\/font><\/p><p><font color=\"#d8a627\" face-name=\"sans-serif\" size=\"3\"><b>Szent Gy\u00f6rgy lovagrend j\u00f3t\u00e9konys\u00e1gi nap - t\u00e9rzene<\/b><\/font><br \/><font color=\"#ffffff\" face-name=\"sans-serif\" size=\"3\">2011. \u00e1prilis 16. 16:00,  Orosh\u00e1za, \u00c1rp\u00e1d-kert<\/font><\/p><p><font color=\"#d8a627\" face-name=\"sans-serif\" size=\"3\"><b>T\u00e1ncsics napok - t\u00e9rzene<\/b><\/font><br \/><font color=\"#ffffff\" face-name=\"sans-serif\" size=\"3\">2011. \u00e1prilis 16. 10:00,  Orosh\u00e1za, T\u00e1ncsics Mih\u00e1ly gimn\u00e1zium<\/font><\/p><p><font color=\"#d8a627\" face-name=\"sans-serif\" size=\"3\"><b>42. V\u00e1rosalap\u00edt\u00e1si hangverseny<\/b><\/font><br \/><font color=\"#ffffff\" face-name=\"sans-serif\" size=\"3\">2011. \u00e1prilis 23. 18:00,  Orosh\u00e1za, evang\u00e9likus templom<\/font><\/p><p><font color=\"#d8a627\" face-name=\"sans-serif\" size=\"3\"><b>Tavaszi hangverseny<\/b><\/font><br \/><font color=\"#ffffff\" face-name=\"sans-serif\" size=\"3\">2011. m\u00e1rcius 20. 18:00,  Orosh\u00e1za, Pet\u0151fi M\u0171vel\u0151d\u00e9si K\u00f6zpont<\/font><\/p><p><font color=\"#d8a627\" face-name=\"sans-serif\" size=\"3\"><b>Zombai turn\u00e9<\/b><\/font><br \/><font color=\"#ffffff\" face-name=\"sans-serif\" size=\"3\">2011. j\u00fanius 10. 08:00,  Zomba<\/font><\/p><p><font color=\"#d8a627\" face-name=\"sans-serif\" size=\"3\"><b>XXIII. Szilveszteri hangverseny<\/b><\/font><br \/><font color=\"#ffffff\" face-name=\"sans-serif\" size=\"3\">2011. december 29. 18:00,  Orosh\u00e1za, Pet\u0151fi M\u0171vel\u0151d\u00e9si K\u00f6zpont<\/font><\/p><p><font color=\"#d8a627\" face-name=\"sans-serif\" size=\"3\"><b>Koszor\u00faz\u00e1s, t\u00e9rzene<\/b><\/font><br \/><font color=\"#ffffff\" face-name=\"sans-serif\" size=\"3\">2011. okt\u00f3ber 23. 10:00,  Orosh\u00e1za, T\u00f6rt\u00e9nelmi eml\u00e9kpark<\/font><\/p><p><font color=\"#d8a627\" face-name=\"sans-serif\" size=\"3\"><b>Koszor\u00faz\u00e1s, t\u00e9rzene<\/b><\/font><br \/><font color=\"#ffffff\" face-name=\"sans-serif\" size=\"3\">2011. okt\u00f3ber 06. 10:00,  Orosh\u00e1za, T\u00f6rt\u00e9nelmi eml\u00e9kpark<\/font><\/p><p><font color=\"#d8a627\" face-name=\"sans-serif\" size=\"3\"><b>Koszor\u00faz\u00e1s, t\u00e9rzene<\/b><\/font><br \/><font color=\"#ffffff\" face-name=\"sans-serif\" size=\"3\">2011. augusztus 20. 10:00,  Orosh\u00e1za, T\u00f6rt\u00e9nelmi eml\u00e9kpark<\/font><\/p><p><font color=\"#d8a627\" face-name=\"sans-serif\" size=\"3\"><b>Koszor\u00faz\u00e1s, t\u00e9rzene<\/b><\/font><br \/><font color=\"#ffffff\" face-name=\"sans-serif\" size=\"3\">2011. m\u00e1rcius 15. 10:00,  Orosh\u00e1za, T\u00f6rt\u00e9nelmi eml\u00e9kpark<\/font><\/p><p><font color=\"#d8a627\" face-name=\"sans-serif\" size=\"3\"><b>Kolb\u00e1szfesztiv\u00e1l<\/b><\/font><br \/><font color=\"#ffffff\" face-name=\"sans-serif\" size=\"3\">2010. okt\u00f3ber 29. 10:00,  B\u00e9k\u00e9scsaba<\/font><\/p><p><font color=\"#d8a627\" face-name=\"sans-serif\" size=\"3\"><b>Modellhaj\u00f3 VB<\/b><\/font><br \/><font color=\"#ffffff\" face-name=\"sans-serif\" size=\"3\">2010. j\u00falius 28. 10:00,  Orosh\u00e1za, Gyop\u00e1rosf\u00fcrd\u0151<\/font><\/p><p><font color=\"#d8a627\" face-name=\"sans-serif\" size=\"3\"><b>H\u0151s\u00f6k Napja<\/b><\/font><br \/><font color=\"#ffffff\" face-name=\"sans-serif\" size=\"3\">2010. m\u00e1jus 29. 18:00,  Orosh\u00e1za - T\u00f6rt\u00e9nelmi eml\u00e9kpark<\/font><\/p><p><font color=\"#d8a627\" face-name=\"sans-serif\" size=\"3\"><b>Koszor\u00faz\u00e1s - t\u00e9rzene<\/b><\/font><br \/><font color=\"#ffffff\" face-name=\"sans-serif\" size=\"3\">2010. augusztus 19. 10:00,  Orosh\u00e1za - Szent Istv\u00e1n szobor<\/font><\/p><p><font color=\"#d8a627\" face-name=\"sans-serif\" size=\"3\"><b>Arat\u00f3\u00fcnnep<\/b><\/font><br \/><font color=\"#ffffff\" face-name=\"sans-serif\" size=\"3\">2010. augusztus 21. 08:00,  Orosh\u00e1za<\/font><\/p><p><font color=\"#d8a627\" face-name=\"sans-serif\" size=\"3\"><b>Veter\u00e1n aut\u00f3k fesztiv\u00e1lja<\/b><\/font><br \/><font color=\"#ffffff\" face-name=\"sans-serif\" size=\"3\">2010. j\u00falius 18. 10:00,  Orosh\u00e1za - Kossuth utca<\/font><\/p><p><font color=\"#d8a627\" face-name=\"sans-serif\" size=\"3\"><b>Orosh\u00e1za Fesztiv\u00e1l - z\u00e1r\u00f3nap<\/b><\/font><br \/><font color=\"#ffffff\" face-name=\"sans-serif\" size=\"3\">2010. j\u00falius 10. 19:30,  Orosh\u00e1za - \u00c1rp\u00e1d kert<\/font><\/p><p><font color=\"#d8a627\" face-name=\"sans-serif\" size=\"3\"><b>Falunap<\/b><\/font><br \/><font color=\"#ffffff\" face-name=\"sans-serif\" size=\"3\">2010. j\u00fanius 06. 10:00,  Nagysz\u00e9n\u00e1s<\/font><\/p><p><font color=\"#d8a627\" face-name=\"sans-serif\" size=\"3\"><b>II. Libam\u00e1jfesztiv\u00e1l<\/b><\/font><br \/><font color=\"#ffffff\" face-name=\"sans-serif\" size=\"3\">2010. j\u00fanius 04. 19:15,  Orosh\u00e1za - Gyop\u00e1rosf\u00fcrd\u0151, Gyop\u00e1r Club Hotel<\/font><\/p><p><font color=\"#d8a627\" face-name=\"sans-serif\" size=\"3\"><b>\u00dcveggy\u00e1ri nap<\/b><\/font><br \/><font color=\"#ffffff\" face-name=\"sans-serif\" size=\"3\">2010. m\u00e1jus 29. 12:30,  Orosh\u00e1za - Gyop\u00e1rosf\u00fcrd\u0151<\/font><\/p><p><font color=\"#d8a627\" face-name=\"sans-serif\" size=\"3\"><b>P\u00fcnk\u00f6sdi t\u00e9rzene<\/b><\/font><br \/><font color=\"#ffffff\" face-name=\"sans-serif\" size=\"3\">2010. m\u00e1jus 24. 17:00,  Orosh\u00e1za - \u00c1rp\u00e1d kert<\/font><\/p><p><font color=\"#d8a627\" face-name=\"sans-serif\" size=\"3\"><b>Orosh\u00e1za Fesztiv\u00e1l - megnyit\u00f3<\/b><\/font><br \/><font color=\"#ffffff\" face-name=\"sans-serif\" size=\"3\">2010. j\u00falius 02. 18:00,  Orosh\u00e1za - \u00c1rp\u00e1d kert<\/font><\/p><p><font color=\"#d8a627\" face-name=\"sans-serif\" size=\"3\"><b>Toros P\u00e1linkafesztiv\u00e1l<\/b><\/font><br \/><font color=\"#ffffff\" face-name=\"sans-serif\" size=\"3\">2010. febru\u00e1r 28. 10:00,  Szeged, Sz\u00e9chenyi t\u00e9r<\/font><\/p><p><font color=\"#d8a627\" face-name=\"sans-serif\" size=\"3\"><b>XXII. Szilveszteri hangverseny<\/b><\/font><br \/><font color=\"#ffffff\" face-name=\"sans-serif\" size=\"3\">2010. december 29. 18:00,  Orosh\u00e1za, PMK sz\u00ednh\u00e1zterem<\/font><\/p><p><font color=\"#d8a627\" face-name=\"sans-serif\" size=\"3\"><b>Koszor\u00faz\u00e1s - t\u00e9rzene<\/b><\/font><br \/><font color=\"#ffffff\" face-name=\"sans-serif\" size=\"3\">2010. okt\u00f3ber 23. 10:00,  Orosh\u00e1za, T\u00f6rt\u00e9nelmi eml\u00e9kpark<\/font><\/p><p><font color=\"#d8a627\" face-name=\"sans-serif\" size=\"3\"><b>Koszor\u00faz\u00e1s - t\u00e9rzene<\/b><\/font><br \/><font color=\"#ffffff\" face-name=\"sans-serif\" size=\"3\">2010. okt\u00f3ber 06. 10:00,  Orosh\u00e1za, T\u00f6rt\u00e9nelmi eml\u00e9kpark<\/font><\/p><p><font color=\"#d8a627\" face-name=\"sans-serif\" size=\"3\"><b>Sv\u00e1jci turn\u00e9<\/b><\/font><br \/><font color=\"#ffffff\" face-name=\"sans-serif\" size=\"3\">2010. j\u00fanius 09. 20:00,  Sv\u00e1jc, Stusslingen<\/font><\/p><p><font color=\"#d8a627\" face-name=\"sans-serif\" size=\"3\"><b>41. V\u00e1rosalap\u00edt\u00e1si hangverseny<\/b><\/font><br \/><font color=\"#ffffff\" face-name=\"sans-serif\" size=\"3\">2010. \u00e1prilis 23. 18:00,  Orosh\u00e1za, Evang\u00e9likus templom<\/font><\/p><p><font color=\"#d8a627\" face-name=\"sans-serif\" size=\"3\"><b>Koszor\u00faz\u00e1s - t\u00e9rzene<\/b><\/font><br \/><font color=\"#ffffff\" face-name=\"sans-serif\" size=\"3\">2010. m\u00e1rcius 15. 10:00,  Orosh\u00e1za, T\u00f6rt\u00e9nelmi eml\u00e9kpark<\/font><\/p><p><font color=\"#d8a627\" face-name=\"sans-serif\" size=\"3\"><b>Sz\u00fclet\u00e9snapi t\u00e9rzene<\/b><\/font><br \/><font color=\"#ffffff\" face-name=\"sans-serif\" size=\"3\">2009. december 06. 15:00,  Orosh\u00e1za, \u00c1rp\u00e1d-kert<\/font><\/p><p><font color=\"#d8a627\" face-name=\"sans-serif\" size=\"3\"><b>J\u00f3t\u00e9konys\u00e1gi koncert<\/b><\/font><br \/><font color=\"#ffffff\" face-name=\"sans-serif\" size=\"3\">2009. december 12. 18:00,  Orosh\u00e1za, PMK sz\u00ednh\u00e1zterem<\/font><\/p><p><font color=\"#d8a627\" face-name=\"sans-serif\" size=\"3\"><b>Kolb\u00e1szfesztiv\u00e1l<\/b><\/font><br \/><font color=\"#ffffff\" face-name=\"sans-serif\" size=\"3\">2009. okt\u00f3ber 22. 13:00,  B\u00e9k\u00e9scsaba<\/font><\/p><p><font color=\"#d8a627\" face-name=\"sans-serif\" size=\"3\"><b>Falunap - zen\u00e9s \u00e9breszt\u0151<\/b><\/font><br \/><font color=\"#ffffff\" face-name=\"sans-serif\" size=\"3\">2009. szeptember 26. 08:00,  Orosh\u00e1za - R\u00e1k\u00f3czitelep<\/font><\/p><p><font color=\"#d8a627\" face-name=\"sans-serif\" size=\"3\"><b>Falunap<\/b><\/font><br \/><font color=\"#ffffff\" face-name=\"sans-serif\" size=\"3\">2009. szeptember 26. 17:00,  Kamut<\/font><\/p><p><font color=\"#d8a627\" face-name=\"sans-serif\" size=\"3\"><b>XXI. Szilveszteri hangverseny - g\u00e1lael\u0151ad\u00e1s<\/b><\/font><br \/><font color=\"#ffffff\" face-name=\"sans-serif\" size=\"3\">2009. december 29. 18:00,  Orosh\u00e1za, PMK sz\u00ednh\u00e1zterem<\/font><\/p><p><font color=\"#d8a627\" face-name=\"sans-serif\" size=\"3\"><b>Falunap - zen\u00e9s \u00e9breszt\u0151<\/b><\/font><br \/><font color=\"#ffffff\" face-name=\"sans-serif\" size=\"3\">2009. okt\u00f3ber 10. 08:00,  Pusztaf\u00f6ldv\u00e1r<\/font><\/p><p><font color=\"#d8a627\" face-name=\"sans-serif\" size=\"3\"><b>Szarvasi szilvanap<\/b><\/font><br \/><font color=\"#ffffff\" face-name=\"sans-serif\" size=\"3\">2009. szeptember 12. 09:00,  Szarvas<\/font><\/p><p><font color=\"#d8a627\" face-name=\"sans-serif\" size=\"3\"><b>H\u0151s\u00f6k napja<\/b><\/font><br \/><font color=\"#ffffff\" face-name=\"sans-serif\" size=\"3\">2009. m\u00e1jus 30. 18:00,  Orosh\u00e1za, T\u00f6rt\u00e9nelmi eml\u00e9kpark<\/font><\/p><p><font color=\"#d8a627\" face-name=\"sans-serif\" size=\"3\"><b>XX. Szilveszteri hangverseny<\/b><\/font><br \/><font color=\"#ffffff\" face-name=\"sans-serif\" size=\"3\">2008. december 28. 18:00,  Orosh\u00e1za<\/font><\/p><p><font color=\"#d8a627\" face-name=\"sans-serif\" size=\"3\"><b>XXI. Szilveszteri hangverseny (nyilv\u00e1nos f\u0151pr\u00f3ba)<\/b><\/font><br \/><font color=\"#ffffff\" face-name=\"sans-serif\" size=\"3\">2009. december 27. 18:00,  Orosh\u00e1za, PMK sz\u00ednh\u00e1zterem<\/font><\/p><p><font color=\"#d8a627\" face-name=\"sans-serif\" size=\"3\"><b>Koszor\u00faz\u00e1s - t\u00e9rzene<\/b><\/font><br \/><font color=\"#ffffff\" face-name=\"sans-serif\" size=\"3\">2009. okt\u00f3ber 23. 10:00,  Orosh\u00e1za, T\u00f6rt\u00e9nelmi eml\u00e9kpark<\/font><\/p><p><font color=\"#d8a627\" face-name=\"sans-serif\" size=\"3\"><b>Koszor\u00faz\u00e1s - t\u00e9rzene<\/b><\/font><br \/><font color=\"#ffffff\" face-name=\"sans-serif\" size=\"3\">2009. okt\u00f3ber 06. 09:30,  Orosh\u00e1za, T\u00f6rt\u00e9nelmi eml\u00e9kpark<\/font><\/p><p><font color=\"#d8a627\" face-name=\"sans-serif\" size=\"3\"><b>80 \u00e9v - \u00fcnnepi hangverseny<\/b><\/font><br \/><font color=\"#ffffff\" face-name=\"sans-serif\" size=\"3\">2009. okt\u00f3ber 02. 18:00,  Orosh\u00e1za, PMK sz\u00ednh\u00e1zterem<\/font><\/p><p><font color=\"#d8a627\" face-name=\"sans-serif\" size=\"3\"><b>Mosonmagyar\u00f3v\u00e1ri F\u00fav\u00f3s Fesztiv\u00e1l<\/b><\/font><br \/><font color=\"#ffffff\" face-name=\"sans-serif\" size=\"3\">2009. augusztus 20. 12:00,  Mosonmagyar\u00f3v\u00e1r<\/font><\/p><p><font color=\"#d8a627\" face-name=\"sans-serif\" size=\"3\"><b>Koszor\u00faz\u00e1s - t\u00e9rzene<\/b><\/font><br \/><font color=\"#ffffff\" face-name=\"sans-serif\" size=\"3\">2009. augusztus 19. 18:30,  Orosh\u00e1za, Szent Istv\u00e1n szobor<\/font><\/p><p><font color=\"#d8a627\" face-name=\"sans-serif\" size=\"3\"><b>Zombai Bogr\u00e1csfesztiv\u00e1l<\/b><\/font><br \/><font color=\"#ffffff\" face-name=\"sans-serif\" size=\"3\">2009. j\u00falius 29. 15:00,  Zomba<\/font><\/p><p><font color=\"#d8a627\" face-name=\"sans-serif\" size=\"3\"><b>R\u00e9ty (Erd\u00e9ly) F\u00fav\u00f3s fesztiv\u00e1l<\/b><\/font><br \/><font color=\"#ffffff\" face-name=\"sans-serif\" size=\"3\">2009. j\u00falius 17. 03:00,  R\u00e9ty<\/font><\/p><p><font color=\"#d8a627\" face-name=\"sans-serif\" size=\"3\"><b>M\u0170SORV\u00c1LTOZ\u00c1S!!! Derrickt\u0151l - Indiana Jonesig<\/b><\/font><br \/><font color=\"#ffffff\" face-name=\"sans-serif\" size=\"3\">2009. j\u00falius 09. 20:30,  Orosh\u00e1za, fesztiv\u00e1l udvar - Nagysz\u00ednpad<\/font><\/p><p><font color=\"#d8a627\" face-name=\"sans-serif\" size=\"3\"><b>S\u00f6rpatika<\/b><\/font><br \/><font color=\"#ffffff\" face-name=\"sans-serif\" size=\"3\">2009. j\u00fanius 30. 20:30,  Orosh\u00e1za, Fesztiv\u00e1l udvar - kissz\u00ednpad<\/font><\/p><p><font color=\"#d8a627\" face-name=\"sans-serif\" size=\"3\"><b>F\u00fav\u00f3szenekari Fesztiv\u00e1l<\/b><\/font><br \/><font color=\"#ffffff\" face-name=\"sans-serif\" size=\"3\">2009. j\u00fanius 28. 09:30,  Orosh\u00e1za belv\u00e1ros, Gyop\u00e1rosf\u00fcrd\u0151<\/font><\/p><p><font color=\"#d8a627\" face-name=\"sans-serif\" size=\"3\"><b>Orosh\u00e1za Fesztiv\u00e1l megnyit\u00f3<\/b><\/font><br \/><font color=\"#ffffff\" face-name=\"sans-serif\" size=\"3\">2009. j\u00fanius 27. 09:00,  Orosh\u00e1za, \u00c1rp\u00e1d kert<\/font><\/p><p><font color=\"#d8a627\" face-name=\"sans-serif\" size=\"3\"><b>Libam\u00e1jfesztiv\u00e1l<\/b><\/font><br \/><font color=\"#ffffff\" face-name=\"sans-serif\" size=\"3\">2009. j\u00fanius 07. 19:00,  Orosh\u00e1za, Gyop\u00e1r Club Hotel<\/font><\/p><p><font color=\"#d8a627\" face-name=\"sans-serif\" size=\"3\"><b>Szent-Gy\u00f6rgyi Albert szoboravat\u00e1s<\/b><\/font><br \/><font color=\"#ffffff\" face-name=\"sans-serif\" size=\"3\">2009. m\u00e1jus 23. 16:00,  Orosh\u00e1za, Gyop\u00e1rosi Gy\u00f3gyf\u00fcrd\u0151<\/font><\/p>\n","protected":false},"excerpt":{"rendered":"","protected":false},"author":7,"featured_media":3121,"parent":2,"menu_order":0,"comment_status":"closed","ping_status":"closed","template":"","meta":{"ngg_post_thumbnail":0,"footnotes":""},"_links":{"self":[{"href":"https:\/\/www.ofze.hu\/w\/wp-json\/wp\/v2\/pages\/44"}],"collection":[{"href":"https:\/\/www.ofze.hu\/w\/wp-json\/wp\/v2\/pages"}],"about":[{"href":"https:\/\/www.ofze.hu\/w\/wp-json\/wp\/v2\/types\/page"}],"author":[{"embeddable":true,"href":"https:\/\/www.ofze.hu\/w\/wp-json\/wp\/v2\/users\/7"}],"replies":[{"embeddable":true,"href":"https:\/\/www.ofze.hu\/w\/wp-json\/wp\/v2\/comments?post=44"}],"version-history":[{"count":15,"href":"https:\/\/www.ofze.hu\/w\/wp-json\/wp\/v2\/pages\/44\/revisions"}],"predecessor-version":[{"id":3786,"href":"https:\/\/www.ofze.hu\/w\/wp-json\/wp\/v2\/pages\/44\/revisions\/3786"}],"up":[{"embeddable":true,"href":"https:\/\/www.ofze.hu\/w\/wp-json\/wp\/v2\/pages\/2"}],"wp:featuredmedia":[{"embeddable":true,"href":"https:\/\/www.ofze.hu\/w\/wp-json\/wp\/v2\/media\/3121"}],"wp:attachment":[{"href":"https:\/\/www.ofze.hu\/w\/wp-json\/wp\/v2\/media?parent=44"}],"curies":[{"name":"wp","href":"https:\/\/api.w.org\/{rel}","templated":true}]}}